{"id":6416,"date":"2025-11-14T10:14:04","date_gmt":"2025-11-14T09:14:04","guid":{"rendered":"https:\/\/festiukulele77.fr\/?page_id=6416"},"modified":"2026-04-06T10:07:54","modified_gmt":"2026-04-06T08:07:54","slug":"kigaku","status":"publish","type":"page","link":"https:\/\/festiukulele77.fr\/index.php\/kigaku\/","title":{"rendered":"KIGAKU"},"content":{"rendered":"\t\t<div data-elementor-type=\"wp-page\" data-elementor-id=\"6416\" class=\"elementor elementor-6416\">\n\t\t\t\t\t\t<section class=\"elementor-section elementor-top-section elementor-element elementor-element-e9e0407 elementor-section-boxed elementor-section-height-default elementor-section-height-default\" data-id=\"e9e0407\" data-element_type=\"section\" data-e-type=\"section\">\n\t\t\t\t\t\t<div class=\"elementor-container elementor-column-gap-default\">\n\t\t\t\t\t<div class=\"elementor-column elementor-col-50 elementor-top-column elementor-element elementor-element-f18d406\" data-id=\"f18d406\" data-element_type=\"column\" data-e-type=\"column\">\n\t\t\t<div class=\"elementor-widget-wrap elementor-element-populated\">\n\t\t\t\t\t\t<div class=\"elementor-element elementor-element-2d8b796 elementor-widget elementor-widget-heading\" data-id=\"2d8b796\" data-element_type=\"widget\" data-e-type=\"widget\" data-widget_type=\"heading.default\">\n\t\t\t\t<div class=\"elementor-widget-container\">\n\t\t\t\t\t<h2 class=\"elementor-heading-title elementor-size-default\">KIGAKU<\/h2>\t\t\t\t<\/div>\n\t\t\t\t<\/div>\n\t\t\t\t<div class=\"elementor-element elementor-element-20b7853 elementor-widget elementor-widget-text-editor\" data-id=\"20b7853\" data-element_type=\"widget\" data-e-type=\"widget\" data-widget_type=\"text-editor.default\">\n\t\t\t\t<div class=\"elementor-widget-container\">\n\t\t\t\t\t\t\t\t\t<p style=\"text-align: center;\">Conte japonais \u00e0 partir de 6 ans<\/p>\t\t\t\t\t\t\t\t<\/div>\n\t\t\t\t<\/div>\n\t\t\t\t\t<\/div>\n\t\t<\/div>\n\t\t\t\t<div class=\"elementor-column elementor-col-50 elementor-top-column elementor-element elementor-element-c4d054e\" data-id=\"c4d054e\" data-element_type=\"column\" data-e-type=\"column\">\n\t\t\t<div class=\"elementor-widget-wrap elementor-element-populated\">\n\t\t\t\t\t\t<div class=\"elementor-element elementor-element-e5cf62a elementor-widget elementor-widget-image\" data-id=\"e5cf62a\" data-element_type=\"widget\" data-e-type=\"widget\" data-widget_type=\"image.default\">\n\t\t\t\t<div class=\"elementor-widget-container\">\n\t\t\t\t\t\t\t\t\t\t\t\t\t\t\t<img decoding=\"async\" width=\"150\" height=\"98\" src=\"https:\/\/festiukulele77.fr\/wp-content\/uploads\/2025\/11\/Reservation-e1763801776724.png\" class=\"attachment-large size-large wp-image-6383\" alt=\"\" \/>\t\t\t\t\t\t\t\t\t\t\t\t\t\t\t<\/div>\n\t\t\t\t<\/div>\n\t\t\t\t<div class=\"elementor-element elementor-element-7cd74d4 elementor-widget elementor-widget-text-editor\" data-id=\"7cd74d4\" data-element_type=\"widget\" data-e-type=\"widget\" data-widget_type=\"text-editor.default\">\n\t\t\t\t<div class=\"elementor-widget-container\">\n\t\t\t\t\t\t\t\t\t<p style=\"text-align: center;\"><strong>Gratuit pour les enfants de 12 ans et moins<\/strong><\/p>\t\t\t\t\t\t\t\t<\/div>\n\t\t\t\t<\/div>\n\t\t\t\t\t<\/div>\n\t\t<\/div>\n\t\t\t\t\t<\/div>\n\t\t<\/section>\n\t\t\t\t<section class=\"elementor-section elementor-top-section elementor-element elementor-element-c15c8d6 elementor-section-boxed elementor-section-height-default elementor-section-height-default\" data-id=\"c15c8d6\" data-element_type=\"section\" data-e-type=\"section\">\n\t\t\t\t\t\t<div class=\"elementor-container elementor-column-gap-default\">\n\t\t\t\t\t<div class=\"elementor-column elementor-col-100 elementor-top-column elementor-element elementor-element-98e48cb\" data-id=\"98e48cb\" data-element_type=\"column\" data-e-type=\"column\">\n\t\t\t<div class=\"elementor-widget-wrap elementor-element-populated\">\n\t\t\t\t\t\t<div class=\"elementor-element elementor-element-f263b65 animated-slow elementor-invisible elementor-widget elementor-widget-heading\" data-id=\"f263b65\" data-element_type=\"widget\" data-e-type=\"widget\" data-settings=\"{&quot;_animation&quot;:&quot;zoomIn&quot;}\" data-widget_type=\"heading.default\">\n\t\t\t\t<div class=\"elementor-widget-container\">\n\t\t\t\t\t<h2 class=\"elementor-heading-title elementor-size-default\">En concert le samedi 9 mai 2026 \u00e0 14h00 \u00e0 la Chapelle Protestante de Villeneuve le Comte (77)<\/h2>\t\t\t\t<\/div>\n\t\t\t\t<\/div>\n\t\t\t\t\t<\/div>\n\t\t<\/div>\n\t\t\t\t\t<\/div>\n\t\t<\/section>\n\t\t\t\t<section class=\"elementor-section elementor-top-section elementor-element elementor-element-d181f2c elementor-section-boxed elementor-section-height-default elementor-section-height-default\" data-id=\"d181f2c\" data-element_type=\"section\" data-e-type=\"section\">\n\t\t\t\t\t\t<div class=\"elementor-container elementor-column-gap-default\">\n\t\t\t\t\t<div class=\"elementor-column elementor-col-50 elementor-top-column elementor-element elementor-element-303d0e5\" data-id=\"303d0e5\" data-element_type=\"column\" data-e-type=\"column\">\n\t\t\t<div class=\"elementor-widget-wrap\">\n\t\t\t\t\t\t\t<\/div>\n\t\t<\/div>\n\t\t\t\t<div class=\"elementor-column elementor-col-50 elementor-top-column elementor-element elementor-element-05d3de4\" data-id=\"05d3de4\" data-element_type=\"column\" data-e-type=\"column\">\n\t\t\t<div class=\"elementor-widget-wrap\">\n\t\t\t\t\t\t\t<\/div>\n\t\t<\/div>\n\t\t\t\t\t<\/div>\n\t\t<\/section>\n\t\t\t\t<section class=\"elementor-section elementor-top-section elementor-element elementor-element-a8f6423 elementor-section-content-middle elementor-section-boxed elementor-section-height-default elementor-section-height-default\" data-id=\"a8f6423\" data-element_type=\"section\" data-e-type=\"section\">\n\t\t\t\t\t\t<div class=\"elementor-container elementor-column-gap-custom\">\n\t\t\t\t\t<div class=\"elementor-column elementor-col-33 elementor-top-column elementor-element elementor-element-7f84535\" data-id=\"7f84535\" data-element_type=\"column\" data-e-type=\"column\">\n\t\t\t<div class=\"elementor-widget-wrap elementor-element-populated\">\n\t\t\t\t\t\t<div class=\"elementor-element elementor-element-f220e37 elementor-widget__width-initial elementor-widget elementor-widget-image\" data-id=\"f220e37\" data-element_type=\"widget\" data-e-type=\"widget\" data-widget_type=\"image.default\">\n\t\t\t\t<div class=\"elementor-widget-container\">\n\t\t\t\t\t\t\t\t\t\t\t\t\t\t\t\t<a href=\"http:\/\/festiukulele77.fr\/wp-content\/uploads\/2025\/11\/Kigaku.jpeg\" data-elementor-open-lightbox=\"yes\" data-elementor-lightbox-title=\"Kigaku\" data-e-action-hash=\"#elementor-action%3Aaction%3Dlightbox%26settings%3DeyJpZCI6NjQxOSwidXJsIjoiaHR0cHM6XC9cL2Zlc3RpdWt1bGVsZTc3LmZyXC93cC1jb250ZW50XC91cGxvYWRzXC8yMDI1XC8xMVwvS2lnYWt1LmpwZWcifQ%3D%3D\">\n\t\t\t\t\t\t\t<img fetchpriority=\"high\" decoding=\"async\" width=\"259\" height=\"195\" src=\"https:\/\/festiukulele77.fr\/wp-content\/uploads\/2025\/11\/Kigaku.jpeg\" class=\"attachment-large size-large wp-image-6419\" alt=\"\" \/>\t\t\t\t\t\t\t\t<\/a>\n\t\t\t\t\t\t\t\t\t\t\t\t\t\t\t<\/div>\n\t\t\t\t<\/div>\n\t\t\t\t\t<\/div>\n\t\t<\/div>\n\t\t\t\t<div class=\"elementor-column elementor-col-33 elementor-top-column elementor-element elementor-element-18363fb\" data-id=\"18363fb\" data-element_type=\"column\" data-e-type=\"column\">\n\t\t\t<div class=\"elementor-widget-wrap elementor-element-populated\">\n\t\t\t\t\t\t<div class=\"elementor-element elementor-element-e2e684c elementor-widget elementor-widget-text-editor\" data-id=\"e2e684c\" data-element_type=\"widget\" data-e-type=\"widget\" data-widget_type=\"text-editor.default\">\n\t\t\t\t<div class=\"elementor-widget-container\">\n\t\t\t\t\t\t\t\t\t<p>KIGAKU, programme d&rsquo;inspiration japonaise propose la rencontre \u00e9tonnante d&rsquo;un instrument traditionnel \u00e0 cordes pinc\u00e9es aux sonorit\u00e9s oniriques : le koto et d&rsquo;un instrument \u00e0 vent aux multiples facettes pouvant se d\u00e9cliner sur diff\u00e9rentes couleurs : la clarinette soprano ou contrebasse.<\/p>\t\t\t\t\t\t\t\t<\/div>\n\t\t\t\t<\/div>\n\t\t\t\t<div class=\"elementor-element elementor-element-389667a elementor-align-center elementor-widget elementor-widget-button\" data-id=\"389667a\" data-element_type=\"widget\" data-e-type=\"widget\" data-widget_type=\"button.default\">\n\t\t\t\t<div class=\"elementor-widget-container\">\n\t\t\t\t\t\t\t\t\t<div class=\"elementor-button-wrapper\">\n\t\t\t\t\t<a class=\"elementor-button elementor-button-link elementor-size-sm\" href=\"https:\/\/festiukulele77.fr\/index.php\/billetterie\/\">\n\t\t\t\t\t\t<span class=\"elementor-button-content-wrapper\">\n\t\t\t\t\t\t<span class=\"elementor-button-icon\">\n\t\t\t\t<i aria-hidden=\"true\" class=\"far fa-credit-card\"><\/i>\t\t\t<\/span>\n\t\t\t\t\t\t\t\t\t<span class=\"elementor-button-text\">R\u00e9servez<\/span>\n\t\t\t\t\t<\/span>\n\t\t\t\t\t<\/a>\n\t\t\t\t<\/div>\n\t\t\t\t\t\t\t\t<\/div>\n\t\t\t\t<\/div>\n\t\t\t\t\t<\/div>\n\t\t<\/div>\n\t\t\t\t<div class=\"elementor-column elementor-col-33 elementor-top-column elementor-element elementor-element-33e1328\" data-id=\"33e1328\" data-element_type=\"column\" data-e-type=\"column\">\n\t\t\t<div class=\"elementor-widget-wrap elementor-element-populated\">\n\t\t\t\t\t\t<div class=\"elementor-element elementor-element-a27d761 elementor-widget elementor-widget-wp-widget-media_video\" data-id=\"a27d761\" data-element_type=\"widget\" data-e-type=\"widget\" data-widget_type=\"wp-widget-media_video.default\">\n\t\t\t\t<div class=\"elementor-widget-container\">\n\t\t\t\t\t<div style=\"width:100%;\" class=\"wp-video\"><video class=\"wp-video-shortcode\" id=\"video-6416-1\" preload=\"metadata\" controls=\"controls\"><source type=\"video\/youtube\" src=\"https:\/\/www.youtube.com\/watch?v=I1mVcd2tS4U&#038;t=42s&#038;_=1\" \/><a href=\"https:\/\/www.youtube.com\/watch?v=I1mVcd2tS4U&#038;t=42s\">https:\/\/www.youtube.com\/watch?v=I1mVcd2tS4U&#038;t=42s<\/a><\/video><\/div>\t\t\t\t<\/div>\n\t\t\t\t<\/div>\n\t\t\t\t\t<\/div>\n\t\t<\/div>\n\t\t\t\t\t<\/div>\n\t\t<\/section>\n\t\t\t\t<section class=\"elementor-section elementor-top-section elementor-element elementor-element-5efff4f elementor-section-boxed elementor-section-height-default elementor-section-height-default\" data-id=\"5efff4f\" data-element_type=\"section\" data-e-type=\"section\">\n\t\t\t\t\t\t<div class=\"elementor-container elementor-column-gap-default\">\n\t\t\t\t\t<div class=\"elementor-column elementor-col-100 elementor-top-column elementor-element elementor-element-21b9d55\" data-id=\"21b9d55\" data-element_type=\"column\" data-e-type=\"column\">\n\t\t\t<div class=\"elementor-widget-wrap elementor-element-populated\">\n\t\t\t\t\t\t<div class=\"elementor-element elementor-element-4309b8a elementor-widget-divider--view-line elementor-widget elementor-widget-divider\" data-id=\"4309b8a\" data-element_type=\"widget\" data-e-type=\"widget\" data-widget_type=\"divider.default\">\n\t\t\t\t<div class=\"elementor-widget-container\">\n\t\t\t\t\t\t\t<div class=\"elementor-divider\">\n\t\t\t<span class=\"elementor-divider-separator\">\n\t\t\t\t\t\t<\/span>\n\t\t<\/div>\n\t\t\t\t\t\t<\/div>\n\t\t\t\t<\/div>\n\t\t\t\t\t<\/div>\n\t\t<\/div>\n\t\t\t\t\t<\/div>\n\t\t<\/section>\n\t\t\t\t<\/div>\n\t\t","protected":false},"excerpt":{"rendered":"<p>KIGAKU Conte japonais \u00e0 partir de 6 ans Gratuit pour les enfants de 12 ans et moins En concert le samedi 9 mai 2026 \u00e0 14h00 \u00e0 la Chapelle Protestante de Villeneuve le Comte (77) KIGAKU, programme d&rsquo;inspiration japonaise propose la rencontre \u00e9tonnante d&rsquo;un instrument traditionnel \u00e0 cordes pinc\u00e9es aux&hellip;<\/p>\n","protected":false},"author":1,"featured_media":0,"parent":0,"menu_order":0,"comment_status":"closed","ping_status":"closed","template":"","meta":{"footnotes":""},"class_list":["post-6416","page","type-page","status-publish","hentry"],"yoast_head":"<!-- This site is optimized with the Yoast SEO plugin v27.2 - https:\/\/yoast.com\/product\/yoast-seo-wordpress\/ -->\n<title>KIGAKU - 6\u00e8me Festivillage Ukul\u00e9l\u00e9 - mai 2026<\/title>\n<meta name=\"robots\" content=\"index, follow, max-snippet:-1, max-image-preview:large, max-video-preview:-1\" \/>\n<link rel=\"canonical\" href=\"https:\/\/festiukulele77.fr\/index.php\/kigaku\/\" \/>\n<meta property=\"og:locale\" content=\"fr_FR\" \/>\n<meta property=\"og:type\" content=\"article\" \/>\n<meta property=\"og:title\" content=\"KIGAKU - 6\u00e8me Festivillage Ukul\u00e9l\u00e9 - mai 2026\" \/>\n<meta property=\"og:description\" content=\"KIGAKU Conte japonais \u00e0 partir de 6 ans Gratuit pour les enfants de 12 ans et moins En concert le samedi 9 mai 2026 \u00e0 14h00 \u00e0 la Chapelle Protestante de Villeneuve le Comte (77) KIGAKU, programme d&rsquo;inspiration japonaise propose la rencontre \u00e9tonnante d&rsquo;un instrument traditionnel \u00e0 cordes pinc\u00e9es aux&hellip;\" \/>\n<meta property=\"og:url\" content=\"https:\/\/festiukulele77.fr\/index.php\/kigaku\/\" \/>\n<meta property=\"og:site_name\" content=\"6\u00e8me Festivillage Ukul\u00e9l\u00e9 - mai 2026\" \/>\n<meta property=\"article:modified_time\" content=\"2026-04-06T08:07:54+00:00\" \/>\n<meta property=\"og:image\" content=\"http:\/\/festiukulele77.fr\/wp-content\/uploads\/2025\/11\/Reservation-e1763801776724.png\" \/>\n<meta name=\"twitter:card\" content=\"summary_large_image\" \/>\n<meta name=\"twitter:label1\" content=\"Dur\u00e9e de lecture estim\u00e9e\" \/>\n\t<meta name=\"twitter:data1\" content=\"1 minute\" \/>\n<script type=\"application\/ld+json\" class=\"yoast-schema-graph\">{\"@context\":\"https:\/\/schema.org\",\"@graph\":[{\"@type\":\"WebPage\",\"@id\":\"https:\/\/festiukulele77.fr\/index.php\/kigaku\/\",\"url\":\"https:\/\/festiukulele77.fr\/index.php\/kigaku\/\",\"name\":\"KIGAKU - 6\u00e8me Festivillage Ukul\u00e9l\u00e9 - mai 2026\",\"isPartOf\":{\"@id\":\"https:\/\/festiukulele77.fr\/#website\"},\"primaryImageOfPage\":{\"@id\":\"https:\/\/festiukulele77.fr\/index.php\/kigaku\/#primaryimage\"},\"image\":{\"@id\":\"https:\/\/festiukulele77.fr\/index.php\/kigaku\/#primaryimage\"},\"thumbnailUrl\":\"http:\/\/festiukulele77.fr\/wp-content\/uploads\/2025\/11\/Reservation-e1763801776724.png\",\"datePublished\":\"2025-11-14T09:14:04+00:00\",\"dateModified\":\"2026-04-06T08:07:54+00:00\",\"breadcrumb\":{\"@id\":\"https:\/\/festiukulele77.fr\/index.php\/kigaku\/#breadcrumb\"},\"inLanguage\":\"fr-FR\",\"potentialAction\":[{\"@type\":\"ReadAction\",\"target\":[\"https:\/\/festiukulele77.fr\/index.php\/kigaku\/\"]}]},{\"@type\":\"ImageObject\",\"inLanguage\":\"fr-FR\",\"@id\":\"https:\/\/festiukulele77.fr\/index.php\/kigaku\/#primaryimage\",\"url\":\"https:\/\/festiukulele77.fr\/wp-content\/uploads\/2025\/11\/Reservation-e1763801776724.png\",\"contentUrl\":\"https:\/\/festiukulele77.fr\/wp-content\/uploads\/2025\/11\/Reservation-e1763801776724.png\",\"width\":150,\"height\":98},{\"@type\":\"BreadcrumbList\",\"@id\":\"https:\/\/festiukulele77.fr\/index.php\/kigaku\/#breadcrumb\",\"itemListElement\":[{\"@type\":\"ListItem\",\"position\":1,\"name\":\"Accueil\",\"item\":\"https:\/\/festiukulele77.fr\/\"},{\"@type\":\"ListItem\",\"position\":2,\"name\":\"KIGAKU\"}]},{\"@type\":\"WebSite\",\"@id\":\"https:\/\/festiukulele77.fr\/#website\",\"url\":\"https:\/\/festiukulele77.fr\/\",\"name\":\"6\u00e8me Festivillage Ukul\u00e9l\u00e9 - mai 2026\",\"description\":\"7 au 10 mai 2026 - Villeneuve le Comte (77), village du ukul\u00e9l\u00e9\",\"publisher\":{\"@id\":\"https:\/\/festiukulele77.fr\/#organization\"},\"potentialAction\":[{\"@type\":\"SearchAction\",\"target\":{\"@type\":\"EntryPoint\",\"urlTemplate\":\"https:\/\/festiukulele77.fr\/?s={search_term_string}\"},\"query-input\":{\"@type\":\"PropertyValueSpecification\",\"valueRequired\":true,\"valueName\":\"search_term_string\"}}],\"inLanguage\":\"fr-FR\"},{\"@type\":\"Organization\",\"@id\":\"https:\/\/festiukulele77.fr\/#organization\",\"name\":\"6\u00e8me Festivillage Ukul\u00e9l\u00e9 - mai 2026\",\"url\":\"https:\/\/festiukulele77.fr\/\",\"logo\":{\"@type\":\"ImageObject\",\"inLanguage\":\"fr-FR\",\"@id\":\"https:\/\/festiukulele77.fr\/#\/schema\/logo\/image\/\",\"url\":\"https:\/\/festiukulele77.fr\/wp-content\/uploads\/2025\/11\/cropped-Badge-Festival-avec-bulle-e1764321489617.png\",\"contentUrl\":\"https:\/\/festiukulele77.fr\/wp-content\/uploads\/2025\/11\/cropped-Badge-Festival-avec-bulle-e1764321489617.png\",\"width\":200,\"height\":200,\"caption\":\"6\u00e8me Festivillage Ukul\u00e9l\u00e9 - mai 2026\"},\"image\":{\"@id\":\"https:\/\/festiukulele77.fr\/#\/schema\/logo\/image\/\"}}]}<\/script>\n<!-- \/ Yoast SEO plugin. -->","yoast_head_json":{"title":"KIGAKU - 6\u00e8me Festivillage Ukul\u00e9l\u00e9 - mai 2026","robots":{"index":"index","follow":"follow","max-snippet":"max-snippet:-1","max-image-preview":"max-image-preview:large","max-video-preview":"max-video-preview:-1"},"canonical":"https:\/\/festiukulele77.fr\/index.php\/kigaku\/","og_locale":"fr_FR","og_type":"article","og_title":"KIGAKU - 6\u00e8me Festivillage Ukul\u00e9l\u00e9 - mai 2026","og_description":"KIGAKU Conte japonais \u00e0 partir de 6 ans Gratuit pour les enfants de 12 ans et moins En concert le samedi 9 mai 2026 \u00e0 14h00 \u00e0 la Chapelle Protestante de Villeneuve le Comte (77) KIGAKU, programme d&rsquo;inspiration japonaise propose la rencontre \u00e9tonnante d&rsquo;un instrument traditionnel \u00e0 cordes pinc\u00e9es aux&hellip;","og_url":"https:\/\/festiukulele77.fr\/index.php\/kigaku\/","og_site_name":"6\u00e8me Festivillage Ukul\u00e9l\u00e9 - mai 2026","article_modified_time":"2026-04-06T08:07:54+00:00","og_image":[{"url":"http:\/\/festiukulele77.fr\/wp-content\/uploads\/2025\/11\/Reservation-e1763801776724.png","type":"","width":"","height":""}],"twitter_card":"summary_large_image","twitter_misc":{"Dur\u00e9e de lecture estim\u00e9e":"1 minute"},"schema":{"@context":"https:\/\/schema.org","@graph":[{"@type":"WebPage","@id":"https:\/\/festiukulele77.fr\/index.php\/kigaku\/","url":"https:\/\/festiukulele77.fr\/index.php\/kigaku\/","name":"KIGAKU - 6\u00e8me Festivillage Ukul\u00e9l\u00e9 - mai 2026","isPartOf":{"@id":"https:\/\/festiukulele77.fr\/#website"},"primaryImageOfPage":{"@id":"https:\/\/festiukulele77.fr\/index.php\/kigaku\/#primaryimage"},"image":{"@id":"https:\/\/festiukulele77.fr\/index.php\/kigaku\/#primaryimage"},"thumbnailUrl":"http:\/\/festiukulele77.fr\/wp-content\/uploads\/2025\/11\/Reservation-e1763801776724.png","datePublished":"2025-11-14T09:14:04+00:00","dateModified":"2026-04-06T08:07:54+00:00","breadcrumb":{"@id":"https:\/\/festiukulele77.fr\/index.php\/kigaku\/#breadcrumb"},"inLanguage":"fr-FR","potentialAction":[{"@type":"ReadAction","target":["https:\/\/festiukulele77.fr\/index.php\/kigaku\/"]}]},{"@type":"ImageObject","inLanguage":"fr-FR","@id":"https:\/\/festiukulele77.fr\/index.php\/kigaku\/#primaryimage","url":"https:\/\/festiukulele77.fr\/wp-content\/uploads\/2025\/11\/Reservation-e1763801776724.png","contentUrl":"https:\/\/festiukulele77.fr\/wp-content\/uploads\/2025\/11\/Reservation-e1763801776724.png","width":150,"height":98},{"@type":"BreadcrumbList","@id":"https:\/\/festiukulele77.fr\/index.php\/kigaku\/#breadcrumb","itemListElement":[{"@type":"ListItem","position":1,"name":"Accueil","item":"https:\/\/festiukulele77.fr\/"},{"@type":"ListItem","position":2,"name":"KIGAKU"}]},{"@type":"WebSite","@id":"https:\/\/festiukulele77.fr\/#website","url":"https:\/\/festiukulele77.fr\/","name":"6\u00e8me Festivillage Ukul\u00e9l\u00e9 - mai 2026","description":"7 au 10 mai 2026 - Villeneuve le Comte (77), village du ukul\u00e9l\u00e9","publisher":{"@id":"https:\/\/festiukulele77.fr\/#organization"},"potentialAction":[{"@type":"SearchAction","target":{"@type":"EntryPoint","urlTemplate":"https:\/\/festiukulele77.fr\/?s={search_term_string}"},"query-input":{"@type":"PropertyValueSpecification","valueRequired":true,"valueName":"search_term_string"}}],"inLanguage":"fr-FR"},{"@type":"Organization","@id":"https:\/\/festiukulele77.fr\/#organization","name":"6\u00e8me Festivillage Ukul\u00e9l\u00e9 - mai 2026","url":"https:\/\/festiukulele77.fr\/","logo":{"@type":"ImageObject","inLanguage":"fr-FR","@id":"https:\/\/festiukulele77.fr\/#\/schema\/logo\/image\/","url":"https:\/\/festiukulele77.fr\/wp-content\/uploads\/2025\/11\/cropped-Badge-Festival-avec-bulle-e1764321489617.png","contentUrl":"https:\/\/festiukulele77.fr\/wp-content\/uploads\/2025\/11\/cropped-Badge-Festival-avec-bulle-e1764321489617.png","width":200,"height":200,"caption":"6\u00e8me Festivillage Ukul\u00e9l\u00e9 - mai 2026"},"image":{"@id":"https:\/\/festiukulele77.fr\/#\/schema\/logo\/image\/"}}]}},"_links":{"self":[{"href":"https:\/\/festiukulele77.fr\/index.php\/wp-json\/wp\/v2\/pages\/6416","targetHints":{"allow":["GET"]}}],"collection":[{"href":"https:\/\/festiukulele77.fr\/index.php\/wp-json\/wp\/v2\/pages"}],"about":[{"href":"https:\/\/festiukulele77.fr\/index.php\/wp-json\/wp\/v2\/types\/page"}],"author":[{"embeddable":true,"href":"https:\/\/festiukulele77.fr\/index.php\/wp-json\/wp\/v2\/users\/1"}],"replies":[{"embeddable":true,"href":"https:\/\/festiukulele77.fr\/index.php\/wp-json\/wp\/v2\/comments?post=6416"}],"version-history":[{"count":32,"href":"https:\/\/festiukulele77.fr\/index.php\/wp-json\/wp\/v2\/pages\/6416\/revisions"}],"predecessor-version":[{"id":8912,"href":"https:\/\/festiukulele77.fr\/index.php\/wp-json\/wp\/v2\/pages\/6416\/revisions\/8912"}],"wp:attachment":[{"href":"https:\/\/festiukulele77.fr\/index.php\/wp-json\/wp\/v2\/media?parent=6416"}],"curies":[{"name":"wp","href":"https:\/\/api.w.org\/{rel}","templated":true}]}}